{"id":1130,"date":"2022-11-04T21:05:40","date_gmt":"2022-11-04T20:05:40","guid":{"rendered":"https:\/\/palacgoszcz.twardogora.pl\/?page_id=1130"},"modified":"2023-06-14T11:31:41","modified_gmt":"2023-06-14T09:31:41","slug":"strona-glowna","status":"publish","type":"page","link":"https:\/\/palacgoszcz.twardogora.pl\/","title":{"rendered":"Strona g\u0142\u00f3wna"},"content":{"rendered":"\n<h2>\n\t\t<a href=\"\/index.php\/aktualnosci\" title=\"Co nowego?\" target=\"_self\" rel=\"noopener\">\n\t\tCo nowego?\n\t\t<\/a>\n\t<\/h2>\n<div class=\"wm-posts wm-posts-wrap clearfix wm-posts-post wm-posts-layout-default posts\"><div class=\"wm-posts-container wm-items-container with-margin\" data-columns=\"3\" data-time=\"0\" data-layout-mode=\"masonry\"><div class=\"wm-row with-margin\">\r\n<div class=\"wm-posts-item wm-posts-item-5083 wm-column width-1-3 with-margin has-thumbnail\">\r\n\r\n\t\r\n\r\n<article id=\"post-5083\" class=\"post-5083 post type-post status-publish format-standard has-post-thumbnail hentry category-aktualnosci entry\">\r\n\r\n\t<div class=\"entry-media\"><figure class=\"post-thumbnail\"><a href=\"https:\/\/palacgoszcz.twardogora.pl\/index.php\/2026\/04\/22\/wernisaz-wystawy-fotograficznej-eweliny-kanadys\/\"><img loading=\"lazy\" decoding=\"async\" width=\"744\" height=\"558\" src=\"https:\/\/palacgoszcz.twardogora.pl\/wp-content\/uploads\/2026\/04\/WhatsApp-Image-2026-04-22-at-07.17.58-4-1-744x558.jpeg\" class=\"attachment-medium size-medium wp-post-image\" alt=\"\" srcset=\"https:\/\/palacgoszcz.twardogora.pl\/wp-content\/uploads\/2026\/04\/WhatsApp-Image-2026-04-22-at-07.17.58-4-1-744x558.jpeg 744w, https:\/\/palacgoszcz.twardogora.pl\/wp-content\/uploads\/2026\/04\/WhatsApp-Image-2026-04-22-at-07.17.58-4-1-1200x900.jpeg 1200w, https:\/\/palacgoszcz.twardogora.pl\/wp-content\/uploads\/2026\/04\/WhatsApp-Image-2026-04-22-at-07.17.58-4-1-1536x1152.jpeg 1536w, https:\/\/palacgoszcz.twardogora.pl\/wp-content\/uploads\/2026\/04\/WhatsApp-Image-2026-04-22-at-07.17.58-4-1.jpeg 1600w\" sizes=\"auto, (max-width: 744px) 100vw, 744px\" \/><\/a><\/figure><\/div><header class=\"entry-header\"><h2 class=\"entry-title\"><a href=\"https:\/\/palacgoszcz.twardogora.pl\/index.php\/2026\/04\/22\/wernisaz-wystawy-fotograficznej-eweliny-kanadys\/\" rel=\"bookmark\">WERNISA\u017b WYSTAWY FOTOGRAFICZNEJ EWELINY KANADYS<\/a><\/h2><\/header>\n<footer class=\"entry-meta\">\n<span class=\"entry-meta-element entry-date posted-on\">\n\t<span class=\"entry-meta-description label-published\">\n\t\tOpublikowano:\t<\/span>\n\t<a href=\"https:\/\/palacgoszcz.twardogora.pl\/index.php\/2026\/04\/22\/wernisaz-wystawy-fotograficznej-eweliny-kanadys\/\" rel=\"bookmark\">\n\t\t<time datetime=\"2026-04-22T07:40:19+02:00\" class=\"published\" title=\"Opublikowano: 2026-04-22\">\n\t\t\t2026-04-22\t\t<\/time>\n\t<\/a>\n\t<span class=\"entry-meta-description label-updated\">\n\t\tLast updated on:\t<\/span>\n\t<time class=\"updated\" datetime=\"2026-04-22T07:40:23+02:00\" title=\"Last updated on: 2026-04-22\">\n\t\t2026-04-22\t<\/time>\n<\/span>\n\n<span class=\"entry-meta-element byline author vcard\">\n\t<span class=\"entry-meta-description\">\n\t\tWritten by:\t<\/span>\n\t<a href=\"https:\/\/palacgoszcz.twardogora.pl\/index.php\/author\/pg_redaktor\/\" class=\"url fn n\" rel=\"author\">\n\t\tRedaktor Pa\u0142ac Goszcz\t<\/a>\n<\/span>\n<\/footer>\n\r\n\t<div class=\"entry-content\"><div class=\"entry-summary\">\n<div class=\"entry-summary\">\nWernisa\u017c wystawy fotograficznej autorstwa Eweliny Kanadys, kt\u00f3ry odby\u0142 si\u0119 18 kwietnia o godzinie 15:00 w Ko\u015bciele Poewangelickim w Goszczu, by\u0142 wyj\u0105tkowym wydarzeniem artystycznym i emocjonalnym. Spotkanie zgromadzi\u0142o licznych go\u015bci &#8211; mi\u0142o\u015bnik\u00f3w fotografii, mieszka\u0144c\u00f3w regionu oraz osoby poszukuj\u0105ce chwili refleksji i&hellip;\n<\/div>\n<div class=\"link-more\"><a href=\"https:\/\/palacgoszcz.twardogora.pl\/index.php\/2026\/04\/22\/wernisaz-wystawy-fotograficznej-eweliny-kanadys\/\" class=\"more-link\">Czytaj dalej<span class=\"screen-reader-text\"> &ldquo;WERNISA\u017b WYSTAWY FOTOGRAFICZNEJ EWELINY KANADYS&rdquo;<\/span>&hellip;<\/a><\/div>\n<\/div>\n<div class=\"link-more\"><a href=\"https:\/\/palacgoszcz.twardogora.pl\/index.php\/2026\/04\/22\/wernisaz-wystawy-fotograficznej-eweliny-kanadys\/\" class=\"more-link\">Czytaj dalej<span class=\"screen-reader-text\"> &ldquo;WERNISA\u017b WYSTAWY FOTOGRAFICZNEJ EWELINY KANADYS&rdquo;<\/span>&hellip;<\/a><\/div>\n<\/div>\r\n\r\n\t\r\n<\/article>\r\n\r\n\r\n<\/div>\r\n\r\n<div class=\"wm-posts-item wm-posts-item-5073 wm-column width-1-3 with-margin alt has-thumbnail\">\r\n\r\n\t\r\n\r\n<article id=\"post-5073\" class=\"post-5073 post type-post status-publish format-standard has-post-thumbnail hentry category-aktualnosci entry\">\r\n\r\n\t<div class=\"entry-media\"><figure class=\"post-thumbnail\"><a href=\"https:\/\/palacgoszcz.twardogora.pl\/index.php\/2026\/04\/09\/palacowa-majowka-2026\/\"><img loading=\"lazy\" decoding=\"async\" width=\"744\" height=\"419\" src=\"https:\/\/palacgoszcz.twardogora.pl\/wp-content\/uploads\/2026\/04\/Projekt-bez-nazwy-1-e1775712386137-744x419.png\" class=\"attachment-medium size-medium wp-post-image\" alt=\"\" srcset=\"https:\/\/palacgoszcz.twardogora.pl\/wp-content\/uploads\/2026\/04\/Projekt-bez-nazwy-1-e1775712386137-744x419.png 744w, https:\/\/palacgoszcz.twardogora.pl\/wp-content\/uploads\/2026\/04\/Projekt-bez-nazwy-1-e1775712386137-1200x675.png 1200w, https:\/\/palacgoszcz.twardogora.pl\/wp-content\/uploads\/2026\/04\/Projekt-bez-nazwy-1-e1775712386137-480x270.png 480w, https:\/\/palacgoszcz.twardogora.pl\/wp-content\/uploads\/2026\/04\/Projekt-bez-nazwy-1-e1775712386137-1536x864.png 1536w, https:\/\/palacgoszcz.twardogora.pl\/wp-content\/uploads\/2026\/04\/Projekt-bez-nazwy-1-e1775712386137.png 1920w\" sizes=\"auto, (max-width: 744px) 100vw, 744px\" \/><\/a><\/figure><\/div><header class=\"entry-header\"><h2 class=\"entry-title\"><a href=\"https:\/\/palacgoszcz.twardogora.pl\/index.php\/2026\/04\/09\/palacowa-majowka-2026\/\" rel=\"bookmark\">PA\u0141ACOWA MAJ\u00d3WKA 2026<\/a><\/h2><\/header>\n<footer class=\"entry-meta\">\n<span class=\"entry-meta-element entry-date posted-on\">\n\t<span class=\"entry-meta-description label-published\">\n\t\tOpublikowano:\t<\/span>\n\t<a href=\"https:\/\/palacgoszcz.twardogora.pl\/index.php\/2026\/04\/09\/palacowa-majowka-2026\/\" rel=\"bookmark\">\n\t\t<time datetime=\"2026-04-09T07:30:40+02:00\" class=\"published\" title=\"Opublikowano: 2026-04-09\">\n\t\t\t2026-04-09\t\t<\/time>\n\t<\/a>\n\t<span class=\"entry-meta-description label-updated\">\n\t\tLast updated on:\t<\/span>\n\t<time class=\"updated\" datetime=\"2026-04-09T07:30:43+02:00\" title=\"Last updated on: 2026-04-09\">\n\t\t2026-04-09\t<\/time>\n<\/span>\n\n<span class=\"entry-meta-element byline author vcard\">\n\t<span class=\"entry-meta-description\">\n\t\tWritten by:\t<\/span>\n\t<a href=\"https:\/\/palacgoszcz.twardogora.pl\/index.php\/author\/pg_redaktor\/\" class=\"url fn n\" rel=\"author\">\n\t\tRedaktor Pa\u0142ac Goszcz\t<\/a>\n<\/span>\n<\/footer>\n\r\n\t<div class=\"entry-content\"><div class=\"entry-summary\">\nPa\u0142acowa Maj\u00f3wka w Pa\u0142acu Goszcz (1-3 maja) W d\u0142ugi weekend majowy zapraszamy do Pa\u0142ac Goszcz, gdzie przygotowano bogaty program atrakcji dla dzieci, doros\u0142ych oraz ca\u0142ych rodzin. Wydarzenie \u0142\u0105czy wypoczynek, kultur\u0119, edukacj\u0119 i rozrywk\u0119 w wyj\u0105tkowej, historycznej przestrzeni Program sta\u0142y (1-3&hellip;\n<\/div>\n<div class=\"link-more\"><a href=\"https:\/\/palacgoszcz.twardogora.pl\/index.php\/2026\/04\/09\/palacowa-majowka-2026\/\" class=\"more-link\">Czytaj dalej<span class=\"screen-reader-text\"> &ldquo;PA\u0141ACOWA MAJ\u00d3WKA 2026&rdquo;<\/span>&hellip;<\/a><\/div>\n<\/div>\r\n\r\n\t\r\n<\/article>\r\n\r\n\r\n<\/div>\r\n\r\n<div class=\"wm-posts-item wm-posts-item-5062 wm-column width-1-3 with-margin last has-thumbnail\">\r\n\r\n\t\r\n\r\n<article id=\"post-5062\" class=\"post-5062 post type-post status-publish format-standard has-post-thumbnail hentry category-aktualnosci entry\">\r\n\r\n\t<div class=\"entry-media\"><figure class=\"post-thumbnail\"><a href=\"https:\/\/palacgoszcz.twardogora.pl\/index.php\/2026\/03\/30\/palac-goszcz-na-miedzynarodowych-targach-turystycznych-we-wroclawiu-2\/\"><img loading=\"lazy\" decoding=\"async\" width=\"744\" height=\"655\" src=\"https:\/\/palacgoszcz.twardogora.pl\/wp-content\/uploads\/2026\/03\/WhatsApp-Image-2026-03-30-at-08.33.48-3-1-e1774852908527-744x655.jpeg\" class=\"attachment-medium size-medium wp-post-image\" alt=\"\" srcset=\"https:\/\/palacgoszcz.twardogora.pl\/wp-content\/uploads\/2026\/03\/WhatsApp-Image-2026-03-30-at-08.33.48-3-1-e1774852908527-744x655.jpeg 744w, https:\/\/palacgoszcz.twardogora.pl\/wp-content\/uploads\/2026\/03\/WhatsApp-Image-2026-03-30-at-08.33.48-3-1-e1774852908527-1200x1057.jpeg 1200w, https:\/\/palacgoszcz.twardogora.pl\/wp-content\/uploads\/2026\/03\/WhatsApp-Image-2026-03-30-at-08.33.48-3-1-e1774852908527.jpeg 1530w\" sizes=\"auto, (max-width: 744px) 100vw, 744px\" \/><\/a><\/figure><\/div><header class=\"entry-header\"><h2 class=\"entry-title\"><a href=\"https:\/\/palacgoszcz.twardogora.pl\/index.php\/2026\/03\/30\/palac-goszcz-na-miedzynarodowych-targach-turystycznych-we-wroclawiu-2\/\" rel=\"bookmark\">Pa\u0142ac Goszcz na Mi\u0119dzynarodowych Targach Turystycznych we Wroc\u0142awiu<\/a><\/h2><\/header>\n<footer class=\"entry-meta\">\n<span class=\"entry-meta-element entry-date posted-on\">\n\t<span class=\"entry-meta-description label-published\">\n\t\tOpublikowano:\t<\/span>\n\t<a href=\"https:\/\/palacgoszcz.twardogora.pl\/index.php\/2026\/03\/30\/palac-goszcz-na-miedzynarodowych-targach-turystycznych-we-wroclawiu-2\/\" rel=\"bookmark\">\n\t\t<time datetime=\"2026-03-30T08:42:40+02:00\" class=\"published\" title=\"Opublikowano: 2026-03-30\">\n\t\t\t2026-03-30\t\t<\/time>\n\t<\/a>\n\t<span class=\"entry-meta-description label-updated\">\n\t\tLast updated on:\t<\/span>\n\t<time class=\"updated\" datetime=\"2026-03-30T08:42:46+02:00\" title=\"Last updated on: 2026-03-30\">\n\t\t2026-03-30\t<\/time>\n<\/span>\n\n<span class=\"entry-meta-element byline author vcard\">\n\t<span class=\"entry-meta-description\">\n\t\tWritten by:\t<\/span>\n\t<a href=\"https:\/\/palacgoszcz.twardogora.pl\/index.php\/author\/pg_redaktor\/\" class=\"url fn n\" rel=\"author\">\n\t\tRedaktor Pa\u0142ac Goszcz\t<\/a>\n<\/span>\n<\/footer>\n\r\n\t<div class=\"entry-content\"><div class=\"entry-summary\">\nW dniach 27-29 marca 2026 roku mieli\u015bmy przyjemno\u015b\u0107 reprezentowa\u0107 Pa\u0142ac Goszcz podczas Mi\u0119dzynarodowe Targi Turystyczne we Wroc\u0142awiu 2026, kt\u00f3re odby\u0142y si\u0119 na Tarczy\u0144ski Arena Wroc\u0142aw -jednym z najnowocze\u015bniejszych obiekt\u00f3w eventowych w Polsce. To jedno z najwa\u017cniejszych wydarze\u0144 bran\u017cy turystycznej w&hellip;\n<\/div>\n<div class=\"link-more\"><a href=\"https:\/\/palacgoszcz.twardogora.pl\/index.php\/2026\/03\/30\/palac-goszcz-na-miedzynarodowych-targach-turystycznych-we-wroclawiu-2\/\" class=\"more-link\">Czytaj dalej<span class=\"screen-reader-text\"> &ldquo;Pa\u0142ac Goszcz na Mi\u0119dzynarodowych Targach Turystycznych we Wroc\u0142awiu&rdquo;<\/span>&hellip;<\/a><\/div>\n<\/div>\r\n\r\n\t\r\n<\/article>\r\n\r\n\r\n<\/div>\r\n<\/div><\/div><\/div><a href=\"\/index.php\/aktualnosci\/\" class=\"wm-button size-medium button\">WI\u0118CEJ AKTUALNO\u015aCI<\/a>\n\t\t\t\t<a href=\"\/index.php\/historia\/\" target=\"_self\" itemprop=\"url\" rel=\"noopener\">\n\t\t\t\t<img loading=\"lazy\" decoding=\"async\" src=\"https:\/\/palacgoszcz.twardogora.pl\/wp-content\/uploads\/2023\/01\/historia_ikona.png\" alt=\"historia_ikona\" itemprop=\"image\" height=\"100\" width=\"100\" title=\"historia_ikona\" onerror=\"this.style.display='none'\"  \/>\n\t\t\t\t<\/a>\n\t<h1>HISTORIA<\/h1>\n<p>Dowiedz si\u0119 wi\u0119cej o tym wyj\u0105tkowym miejscu na mapie gminy Twardog\u00f3ra. Poznaj histori\u0119 zespo\u0142u pa\u0142acowo &#8211; parkowego w Goszczu i przeczytaj dlaczego pa\u0142ac jest zabytkiem na skal\u0119 europejsk\u0105.<\/p>\n<p><a href=\"\/index.php\/historia\/\" class=\"wm-button color-\/error\/info\/success\/warning size-0\/l\/m\/s\/xl button\">przejd\u017a na stron\u0119<\/a><\/p>\n\t\t\t\t<a href=\"\/index.php\/rewitalizacja\/\" target=\"_self\" itemprop=\"url\" rel=\"noopener\">\n\t\t\t\t<img loading=\"lazy\" decoding=\"async\" src=\"https:\/\/palacgoszcz.twardogora.pl\/wp-content\/uploads\/2023\/01\/rewitalizacja_ikona.png\" alt=\"rewitalizacja_ikona\" itemprop=\"image\" height=\"100\" width=\"100\" title=\"rewitalizacja_ikona\" onerror=\"this.style.display='none'\"  \/>\n\t\t\t\t<\/a>\n\t<h1>REWITALIZACJA<\/h1>\n<p>Projekt ma na celu popraw\u0119 zarz\u0105dzania dziedzictwem kulturowym poprzez stworzenie odpowiednich warunk\u00f3w do prowadzenia dzia\u0142alno\u015bci kulturalnej zar\u00f3wno w zakresie infrastruktury jak i oferty kulturalnej.<\/p>\n<p><a href=\"\/index.php\/rewitalizacja\/\" class=\"wm-button color-\/error\/info\/success\/warning size-0\/l\/m\/s\/xl button\">przejd\u017a na stron\u0119<\/a><\/p>\n\t\t\t\t<a href=\"\/index.php\/atrakcje-w-regionie\/\" target=\"_self\" itemprop=\"url\" rel=\"noopener\">\n\t\t\t\t<img loading=\"lazy\" decoding=\"async\" src=\"https:\/\/palacgoszcz.twardogora.pl\/wp-content\/uploads\/2023\/01\/odwiedz_ikona.png\" alt=\"odwiedz_ikona\" itemprop=\"image\" height=\"100\" width=\"100\" title=\"odwiedz_ikona\" onerror=\"this.style.display='none'\"  \/>\n\t\t\t\t<\/a>\n\t<h1>ATRAKCJE<br \/>\n<\/h1>\n<p>Gmina Twardog\u00f3ra le\u017cy w p\u00f3\u0142nocno &#8211; wschodniej cz\u0119\u015bci wojew\u00f3dztwa dolno\u015bl\u0105skiego. Po\u0142o\u017cona jest w\u015br\u00f3d Wzg\u00f3rz Twardog\u00f3rskich. Lasy, kt\u00f3re zajmuj\u0105 45% powierzchni, czyni\u0105 Twardog\u00f3r\u0119 idealnym miejscem do wypoczynku i rekreacji.<\/p>\n<p><a href=\"\/index.php\/atrakcje-w-regionie\/\" class=\"wm-button color-\/error\/info\/success\/warning size-0\/l\/m\/s\/xl button\">przejd\u017a na stron\u0119<\/a><\/p>\n\t\t\t\t<a href=\"\/index.php\/kontakt\" target=\"_self\" itemprop=\"url\" rel=\"noopener\">\n\t\t\t\t<img loading=\"lazy\" decoding=\"async\" src=\"https:\/\/palacgoszcz.twardogora.pl\/wp-content\/uploads\/2023\/01\/kontakt_ikona.png\" alt=\"kontakt_ikona\" itemprop=\"image\" height=\"100\" width=\"100\" title=\"kontakt_ikona\" onerror=\"this.style.display='none'\"  \/>\n\t\t\t\t<\/a>\n\t<h1>JAK DOJECHA\u0106?<br \/>\n<\/h1>\n<p>Do zespo\u0142u pa\u0142acowo &#8211; parkowego w Goszczu dojedziesz w 25 minut z Ole\u015bnicy w 3 kwadranse z Wroc\u0142awia, a w nieca\u0142\u0105 godzin\u0119 z wroc\u0142awskiego lotniska.<\/p>\n<p><a href=\"\/index.php\/kontakt\" class=\"wm-button color-\/error\/info\/success\/warning size-0\/l\/m\/s\/xl button\">przejd\u017a na stron\u0119<\/a><\/p>\n<h1>\n\t\tNasi Partnerzy:\n\t<\/h1>\n\t\t\t\t<a href=\"https:\/\/twardogora.pl\/\" target=\"_blank\" rel=\"noopener\" itemprop=\"url\">\n\t\t\t\t<img loading=\"lazy\" decoding=\"async\" src=\"https:\/\/palacgoszcz.twardogora.pl\/wp-content\/uploads\/2023\/01\/gmina_twardogora_herb.png\" alt=\"przejd\u017a na stron\u0119 twardogora.pl\" itemprop=\"image\" height=\"200\" width=\"480\" title=\"przejd\u017a na stron\u0119 twardogora.pl\" onerror=\"this.style.display='none'\"  \/>\n\t\t\t\t<\/a>\n\t\t\t\t<a href=\"http:\/\/gosir.twardogora.pl\/\" target=\"_blank\" rel=\"noopener\" itemprop=\"url\">\n\t\t\t\t<img loading=\"lazy\" decoding=\"async\" src=\"https:\/\/palacgoszcz.twardogora.pl\/wp-content\/uploads\/2023\/01\/stopka_2.png\" alt=\"przejd\u017a na stron\u0119 gosir.twardogora.pl\" itemprop=\"image\" height=\"200\" width=\"480\" title=\"przejd\u017a na stron\u0119 gosir.twardogora.pl\" onerror=\"this.style.display='none'\"  \/>\n\t\t\t\t<\/a>\n\t\t\t\t<a href=\"https:\/\/biblioteka.twardogora.net\/\" target=\"_blank\" rel=\"noopener\" itemprop=\"url\">\n\t\t\t\t<img loading=\"lazy\" decoding=\"async\" src=\"https:\/\/palacgoszcz.twardogora.pl\/wp-content\/uploads\/2023\/01\/stopka_3.png\" alt=\"przejd\u017a na stron\u0119 biblioteka.twardogora.net\" itemprop=\"image\" height=\"200\" width=\"480\" title=\"przejd\u017a na stron\u0119 biblioteka.twardogora.net\" onerror=\"this.style.display='none'\"  \/>\n\t\t\t\t<\/a>\n\t\t\t\t<a href=\"http:\/\/dolnoslaskakrainarowerowa.pl\/\" target=\"_blank\" rel=\"noopener\" itemprop=\"url\">\n\t\t\t\t<img loading=\"lazy\" decoding=\"async\" src=\"https:\/\/palacgoszcz.twardogora.pl\/wp-content\/uploads\/2023\/01\/stopka_4.png\" alt=\"przejd\u017a na stron\u0119 dolnoslaskakrainarowerowa.pl\" itemprop=\"image\" height=\"200\" width=\"480\" title=\"przejd\u017a na stron\u0119 dolnoslaskakrainarowerowa.pl\" onerror=\"this.style.display='none'\"  \/>\n\t\t\t\t<\/a>\n\t\t\t\t<a href=\"http:\/\/nasza.barycz.pl\/\" target=\"_blank\" rel=\"noopener\" itemprop=\"url\">\n\t\t\t\t<img loading=\"lazy\" decoding=\"async\" src=\"https:\/\/palacgoszcz.twardogora.pl\/wp-content\/uploads\/2023\/01\/stopka_5.png\" alt=\"przejd\u017a na stron\u0119 nasza.barycz.pl\" itemprop=\"image\" height=\"200\" width=\"480\" title=\"przejd\u017a na stron\u0119 nasza.barycz.pl\" onerror=\"this.style.display='none'\"  \/>\n\t\t\t\t<\/a>\n\n","protected":false},"excerpt":{"rendered":"<div class=\"entry-summary\">\nCo nowego? HISTORIA Dowiedz si\u0119 wi\u0119cej o tym wyj\u0105tkowym miejscu na mapie gminy Twardog\u00f3ra. Poznaj histori\u0119 zespo\u0142u pa\u0142acowo &#8211; parkowego w Goszczu i przeczytaj dlaczego pa\u0142ac jest zabytkiem na skal\u0119 europejsk\u0105. REWITALIZACJA Projekt ma na celu popraw\u0119 zarz\u0105dzania dziedzictwem kulturowym&hellip;\n<\/div>\n<div class=\"link-more\"><a href=\"https:\/\/palacgoszcz.twardogora.pl\/index.php\/2026\/03\/30\/palac-goszcz-na-miedzynarodowych-targach-turystycznych-we-wroclawiu-2\/\" class=\"more-link\">Czytaj dalej<span class=\"screen-reader-text\"> &ldquo;Pa\u0142ac Goszcz na Mi\u0119dzynarodowych Targach Turystycznych we Wroc\u0142awiu&rdquo;<\/span>&hellip;<\/a><\/div>\n","protected":false},"author":1,"featured_media":0,"parent":0,"menu_order":0,"comment_status":"closed","ping_status":"closed","template":"","meta":{"_acf_changed":false,"_monsterinsights_skip_tracking":false,"_monsterinsights_sitenote_active":false,"_monsterinsights_sitenote_note":"","_monsterinsights_sitenote_category":0,"pgc_sgb_lightbox_settings":"","footnotes":""},"class_list":["post-1130","page","type-page","status-publish","hentry","entry"],"acf":[],"_links":{"self":[{"href":"https:\/\/palacgoszcz.twardogora.pl\/index.php\/wp-json\/wp\/v2\/pages\/1130","targetHints":{"allow":["GET"]}}],"collection":[{"href":"https:\/\/palacgoszcz.twardogora.pl\/index.php\/wp-json\/wp\/v2\/pages"}],"about":[{"href":"https:\/\/palacgoszcz.twardogora.pl\/index.php\/wp-json\/wp\/v2\/types\/page"}],"author":[{"embeddable":true,"href":"https:\/\/palacgoszcz.twardogora.pl\/index.php\/wp-json\/wp\/v2\/users\/1"}],"replies":[{"embeddable":true,"href":"https:\/\/palacgoszcz.twardogora.pl\/index.php\/wp-json\/wp\/v2\/comments?post=1130"}],"version-history":[{"count":90,"href":"https:\/\/palacgoszcz.twardogora.pl\/index.php\/wp-json\/wp\/v2\/pages\/1130\/revisions"}],"predecessor-version":[{"id":3246,"href":"https:\/\/palacgoszcz.twardogora.pl\/index.php\/wp-json\/wp\/v2\/pages\/1130\/revisions\/3246"}],"wp:attachment":[{"href":"https:\/\/palacgoszcz.twardogora.pl\/index.php\/wp-json\/wp\/v2\/media?parent=1130"}],"curies":[{"name":"wp","href":"https:\/\/api.w.org\/{rel}","templated":true}]}}